{"id":1794,"date":"2018-09-04T13:41:00","date_gmt":"2018-09-04T12:41:00","guid":{"rendered":"https:\/\/tienda.ismet.es\/index.php\/producto\/auriculoterapia-en-esttica-y-salud\/"},"modified":"2025-04-23T16:46:46","modified_gmt":"2025-04-23T15:46:46","slug":"auriculoterapia-en-esttica-y-salud","status":"publish","type":"product","link":"https:\/\/tienda.ismet.es\/index.php\/producto\/auriculoterapia-en-esttica-y-salud\/","title":{"rendered":"&#8211; Auriculoterapia, c\u00f3mo puede ayudarte con tu dieta y otros tratamientos est\u00e9ticos"},"content":{"rendered":"[vc_row][vc_column][vc_video link=&#8221;https:\/\/www.youtube.com\/watch?v=5gS33ieRKpE&#8221;][vc_column_text]\n<div class=\"woocommerce-product-details__short-description\">\n<hr \/>\n<p>\u00bfQu\u00e9 es la auriculoterapia?<br \/>\nLa auriculoterapia es una t\u00e9cnica terap\u00e9utica en la que se estimulan puntos espec\u00edficos del pabell\u00f3n auricular y la oreja, con el objetivo de generar un efecto en el organismo que favorezca y equilibre ciertas funciones corporales.<br \/>\nSeg\u00fan la medicina trad. China, existe una relaci\u00f3n directa entre el pabell\u00f3n de la oreja y el resto del cuerpo. En concreto, en la oreja, que concuerda con la imagen de un beb\u00e9 en posici\u00f3n fetal invertida, tenemos representadas cada una de las partes de nuestro cuerpo. Cuando se produce alguna alteraci\u00f3n en alguna parte del organismo, esa parte tambi\u00e9n se vuelve sensible en la zona del pabell\u00f3n de la oreja que le corresponde. Adem\u00e1s, la Auriculoterapia, que se basa en la Medicina Tradicional China (MTC) es una t\u00e9cnica terap\u00e9utica asombrosamente sencilla, tanto en su aprendizaje como en la aplicaci\u00f3n. Se puede utilizar como tratamiento \u00fanico o complementario a cualquier otro tratamiento, en much\u00edsimas patolog\u00edas y disfunciones. Se diferencia de la acupuntura tradicional en que es mucho m\u00e1s f\u00e1cil de aprender y de aplicar. Su aplicaci\u00f3n es altamente eficaz, segura y econ\u00f3mica, adem\u00e1s de no ser una t\u00e9cnica invasiva y cuyos efectos tanto pueden ser paliativos como curativos.<\/p>\n<hr \/>\n<h4>Dirigido<\/h4>\n<ul>\n<li>A acupuntores que deseen reciclarse o profesionales de la Acupuntura.<\/li>\n<li>Profesionales de la salud: m\u00e9dicos, fisioterapeutas, enfermeras, dietistas.<\/li>\n<li>A terapeutas manuales: oste\u00f3patas, quiropr\u00e1cticos, quiromasajistas, reflex\u00f3logos podales.<\/li>\n<li>A profesionales de las terapias naturales: natur\u00f3patas, terapeutas florales, home\u00f3patas, Kinesi\u00f3logos.<\/li>\n<li>A profesionales de est\u00e9tica, Y a aquellas personas que deseen introducirse en las terapias naturales.<\/li>\n<\/ul>\n<\/div>\n<hr \/>\n<h4>Programa del Curso<\/h4>\n<ol>\n<li>\n<ul>\n<li>1 Introducci\u00f3n.<\/li>\n<\/ul>\n<p>Qu\u00e9 es la Auriculoterapia. Ventajas y principales aplicaciones. Efectos secundarios y contraindicaciones. Historia de la Auriculoterapia<\/p>\n<ul>\n<li>2 Nociones b\u00e1sicas de Medicina Trad. China (MTC)<\/li>\n<\/ul>\n<p>Teor\u00eda Yin Yang y Cinco elementos\/movimientos<br \/>\nCiclos Shen y Ko<br \/>\nFisiolog\u00eda de la MTC (\u00f3rganos principales) \/ Digestiva<\/p>\n<ul>\n<li>3 Etiopatolog\u00eda<\/li>\n<\/ul>\n<p>El concepto de la salud para la MTC<br \/>\nLas seis energ\u00edas perversas<br \/>\nLos factores emocionales y la alimentaci\u00f3n<\/p>\n<ul>\n<li>4 Anatom\u00eda estructural del pabell\u00f3n auricular<\/li>\n<\/ul>\n<p>Nombres de las distintas zonas<br \/>\nAnatom\u00eda regional y su relaci\u00f3n en el cuerpo humano<\/p>\n<ul>\n<li>5 Cartograf\u00eda de la oreja<\/li>\n<\/ul>\n<p>Puntos del Helix \/ Antihelix<br \/>\nPuntos de la fosa escafoidea \/ Fosa triangular<br \/>\nCruz Superior y Cruz Inferior<br \/>\nConcha Cimba y Concha Cava<br \/>\nAntitrago \/ Trago<br \/>\nL\u00f3bulo \/ Regi\u00f3n posterior de la oreja<\/p>\n<ul>\n<li>6 M\u00e9todos de diagn\u00f3stico<\/li>\n<\/ul>\n<p>Exploraci\u00f3n de los puntos reactivos \/ Color<\/p>\n<ul>\n<li>7 Selecci\u00f3n de los puntos<\/li>\n<\/ul>\n<p>Org\u00e1nicos \/ Funcionales \/ Regionales \/ De refuerzo<\/p>\n<ul>\n<li>8 T\u00e9cnicas y utensilios para pr\u00e1ctica de Auriculoterapia<\/li>\n<\/ul>\n<p>Agujas \/ Chinchetas semipermanentes<br \/>\nBolitas magnetizadas \/ Pautas terap\u00e9uticas<\/p>\n<ul>\n<li>9 Aplicaciones terap\u00e9uticas de Auriculo en los siguientes casos:<\/li>\n<\/ul>\n<p>Obesidad \/ Celulitis \/ Flacidez<br \/>\nAcn\u00e9<br \/>\nAlopecia<br \/>\nEdemas faciales \/ Edemas generalizados<br \/>\nDermatitis<br \/>\nRegulaci\u00f3n del apetito \/ Ansiedad<br \/>\nAntienvejecimiento<\/li>\n<\/ol>\n<hr \/>\n<p><!--\n\n\n<h4>Impartido por: Vicen\u00e7 Fuster Font<\/h4>\n\n\nCuenta con m\u00e1s de 20 a\u00f1os de experiencia, en docencia y cl\u00ednica, en el \u00e1rea de la Nutrici\u00f3n y la Dietoterapia, tanto desde el punto de vista Naturista como desde el Bioenerg\u00e9tico seg\u00fan MTC. Tambi\u00e9n cuenta con una dilatada experiencia personal en el \u00e1mbito deportivo, habiendo sido entrenador nacional de atletismo, alpinista profesional y experto en diversas artes marciales tradicionales japonesas que sigue practicando en la actualidad despu\u00e9s de iniciarse hace cuarenta a\u00f1os, por lo que para \u00e9l conjugar ejercicio f\u00edsico y alimentaci\u00f3n saludable es un binomio indisociable.-->[\/vc_column_text][\/vc_column][\/vc_row]\n","protected":false},"excerpt":{"rendered":"<p>Modalidad presencial. <span style=\"color: #7f7dd1;\"><br \/>\n<strong>Inicio: mi\u00e9rcoles 2 de julio 2025.<br \/>\nD\u00edas de clase: 2-9 y 16 de julio 2025.<br \/>\nHorario: de 15:30 a 19:30 horas<\/strong>.<\/span><br \/>\n<\/span><\/p>\n<hr \/>\n<p>Precio: 195 \u20ac. Reserva 50\u20ac + importe restante, 145\u20ac, se abonar\u00e1 el 1er d\u00eda, antes de empezar, en efectivo o tarjeta.<\/p>\n<hr \/>\n<p><span style=\"color: #7f7dd1;\"><strong>*para la realizaci\u00f3n de la sesi\u00f3n presencial es imprescindible tener una asistencia m\u00ednima de 3 alumnos. En caso de no llegar a este cupo, se programar\u00e1 una nueva fecha<\/strong><\/span><\/p>\n<hr \/>\n<p>Su aplicaci\u00f3n es altamente eficaz, segura y econ\u00f3mica, adem\u00e1s de no ser una t\u00e9cnica invasiva y cuyos efectos tanto pueden ser paliativos como curativos&#8230; (<a href=\"#tab-description\">Ver m\u00e1s informaci\u00f3n<\/a>)<\/p>\n","protected":false},"featured_media":18098,"comment_status":"open","ping_status":"closed","template":"","meta":{"_joinchat":[]},"product_brand":[],"product_cat":[617,90,182,98,180,200],"product_tag":[320,345,343,344,334,234],"class_list":{"0":"post-1794","1":"product","2":"type-product","3":"status-publish","4":"has-post-thumbnail","6":"product_cat-imagenes-profesores","7":"product_cat-medicina-china-y-acupuntura","8":"product_cat-wellness-y-estetica","9":"product_cat-cursos","10":"product_cat-online","11":"product_cat-presencial-julio","12":"product_tag-acupuntura","13":"product_tag-auriculo","14":"product_tag-auriculoterapia","15":"product_tag-estetica","16":"product_tag-mtc","17":"product_tag-vicenc-fuster","18":"pa_ediciones-edicion-junio","19":"pa_ediciones-edicion-julio","20":"pa_ediciones-edicion-agosto","21":"pa_ediciones-edicion-septiembre","22":"pa_modalidad-online","23":"pa_modalidad-presencial","25":"first","26":"instock","27":"virtual","28":"purchasable","29":"product-type-simple"},"_links":{"self":[{"href":"https:\/\/tienda.ismet.es\/index.php\/wp-json\/wp\/v2\/product\/1794","targetHints":{"allow":["GET"]}}],"collection":[{"href":"https:\/\/tienda.ismet.es\/index.php\/wp-json\/wp\/v2\/product"}],"about":[{"href":"https:\/\/tienda.ismet.es\/index.php\/wp-json\/wp\/v2\/types\/product"}],"replies":[{"embeddable":true,"href":"https:\/\/tienda.ismet.es\/index.php\/wp-json\/wp\/v2\/comments?post=1794"}],"wp:featuredmedia":[{"embeddable":true,"href":"https:\/\/tienda.ismet.es\/index.php\/wp-json\/wp\/v2\/media\/18098"}],"wp:attachment":[{"href":"https:\/\/tienda.ismet.es\/index.php\/wp-json\/wp\/v2\/media?parent=1794"}],"wp:term":[{"taxonomy":"product_brand","embeddable":true,"href":"https:\/\/tienda.ismet.es\/index.php\/wp-json\/wp\/v2\/product_brand?post=1794"},{"taxonomy":"product_cat","embeddable":true,"href":"https:\/\/tienda.ismet.es\/index.php\/wp-json\/wp\/v2\/product_cat?post=1794"},{"taxonomy":"product_tag","embeddable":true,"href":"https:\/\/tienda.ismet.es\/index.php\/wp-json\/wp\/v2\/product_tag?post=1794"}],"curies":[{"name":"wp","href":"https:\/\/api.w.org\/{rel}","templated":true}]}}