{"id":1600,"date":"2018-09-04T13:40:26","date_gmt":"2018-09-04T12:40:26","guid":{"rendered":"https:\/\/tienda.ismet.es\/index.php\/producto\/descarga-muscular-de-gemelo-y-sleo\/"},"modified":"2026-03-11T13:03:33","modified_gmt":"2026-03-11T12:03:33","slug":"descarga-muscular-de-gemelo-y-sleo","status":"publish","type":"product","link":"https:\/\/tienda.ismet.es\/index.php\/producto\/descarga-muscular-de-gemelo-y-sleo\/","title":{"rendered":"&#8211; Descarga muscular de gemelo, s\u00f3leo y s\u00edndrome de la pedrada"},"content":{"rendered":"[vc_row][vc_column][vc_video link=&#8221;https:\/\/youtu.be\/9N_iEpwb5xw?si=Ukix8uaZIrspXaIW&#8221;][vc_column_text]\n<div class=\"woocommerce-product-details__short-description\">\n<hr \/>\n<p>La musculatura de gemelo y s\u00f3leo se sobrecargan con facilidad al andar, correr, al realizar actividades deportivas sin haber calentado previamente, seg\u00fan el tipo de calzado\u2026 El masaje de descarga muscular libera al tr\u00edceps sural del exceso de tonicidad y lo prepara para ser tratado con masaje Cyriax para ayudar a mejorar la rotura de fibras conocida como el s\u00edndrome de la pedrada.<br \/>\nEl soleo es uno de los m\u00fasculos menos trabajados, debido a que esta en un plano m\u00e1s profundo y normalmente nos quedamos en el plano superficial<br \/>\ndel gemelo, aunque cuando se sobrecarga afecta al gemelo y a la funci\u00f3n de ambos. Es importante saber llegar al s\u00f3leo con las t\u00e9cnicas de masaje para que haya una mejor\u00eda en el tr\u00edceps sural.<\/p>\n<hr \/>\n<\/div>\n<p><!--\n\n\n<h4>Impartido por: Montse Garc\u00eda<\/h4>\n\n\nMasajista deportiva, Natur\u00f3pata. Formadora certificada en Facioterapia-Dien Chan por el Profesor Dr. B\u00f9i Qu\u00f4c Ch\u00e2u en Espa\u00f1a (2004) y en Ho Chi Minh, en Vietnam (2006 y 2009). Experta en Reflexoterapia Podal. Coordinadora de masajistas deportivos en eventos y competiciones deportivas, de \u00e1mbito nacional e internacional..-->[\/vc_column_text][\/vc_column][\/vc_row]\n","protected":false},"excerpt":{"rendered":"<p>Modalidad online. (fechas a escoger)<span style=\"color: #7f7dd1;\" data-darkreader-inline-color=\"\"><strong><br \/>\n\u2022 Del 2 al 31 de marzo 2026.<br \/>\n\u2022 Del 1 al 30 de abril 2026.<br \/>\n\u2022 Del 4 al 31 de mayo 2026.<br \/>\n\u2022 Del 1 al 30 de junio 2026.<br \/>\n\u2022 Del 1 al 30 de julio 2026.<\/strong><\/span><\/p>\n<hr \/>\n<p>La musculatura de gemelo y s\u00f3leo se sobrecargan con facilidad al andar, correr, al realizar actividades deportivas sin haber calentado previamente, seg\u00fan el tipo de calzado\u2026 (<a href=\"#tab-description\">Ver m\u00e1s informaci\u00f3n<\/a>)<\/p>\n","protected":false},"featured_media":15707,"comment_status":"open","ping_status":"closed","template":"","meta":{"_joinchat":[]},"product_brand":[],"product_cat":[617,89,98,180,201,205,202,203,204,179],"product_tag":[509,510,220,513,512,511],"class_list":{"0":"post-1600","1":"product","2":"type-product","3":"status-publish","4":"has-post-thumbnail","6":"product_cat-imagenes-profesores","7":"product_cat-terapias-manuales","8":"product_cat-cursos","9":"product_cat-online","10":"product_cat-online-marzo","11":"product_cat-online-abril","12":"product_cat-online-mayo","13":"product_cat-online-junio","14":"product_cat-online-julio","15":"product_cat-cursos-presenciales","16":"product_tag-descarga-muscular","17":"product_tag-gemelo","18":"product_tag-montse-garcia","19":"product_tag-pedrada","20":"product_tag-sindrome-de-la-pedrada","21":"product_tag-soleo","22":"pa_ediciones-edicion-diciembre","23":"pa_ediciones-edicion-enero","24":"pa_ediciones-edicion-febrero","25":"pa_ediciones-edicion-marzo","26":"pa_ediciones-edicion-abril","27":"pa_ediciones-edicion-mayo","28":"pa_ediciones-edicion-junio","29":"pa_ediciones-edicion-julio","30":"pa_ediciones-edicion-agosto","31":"pa_ediciones-edicion-septiembre","32":"pa_ediciones-edicion-octubre","33":"pa_ediciones-edicion-noviembre","34":"pa_modalidad-online","35":"pa_modalidad-presencial","37":"first","38":"instock","39":"purchasable","40":"product-type-variable"},"_links":{"self":[{"href":"https:\/\/tienda.ismet.es\/index.php\/wp-json\/wp\/v2\/product\/1600","targetHints":{"allow":["GET"]}}],"collection":[{"href":"https:\/\/tienda.ismet.es\/index.php\/wp-json\/wp\/v2\/product"}],"about":[{"href":"https:\/\/tienda.ismet.es\/index.php\/wp-json\/wp\/v2\/types\/product"}],"replies":[{"embeddable":true,"href":"https:\/\/tienda.ismet.es\/index.php\/wp-json\/wp\/v2\/comments?post=1600"}],"wp:featuredmedia":[{"embeddable":true,"href":"https:\/\/tienda.ismet.es\/index.php\/wp-json\/wp\/v2\/media\/15707"}],"wp:attachment":[{"href":"https:\/\/tienda.ismet.es\/index.php\/wp-json\/wp\/v2\/media?parent=1600"}],"wp:term":[{"taxonomy":"product_brand","embeddable":true,"href":"https:\/\/tienda.ismet.es\/index.php\/wp-json\/wp\/v2\/product_brand?post=1600"},{"taxonomy":"product_cat","embeddable":true,"href":"https:\/\/tienda.ismet.es\/index.php\/wp-json\/wp\/v2\/product_cat?post=1600"},{"taxonomy":"product_tag","embeddable":true,"href":"https:\/\/tienda.ismet.es\/index.php\/wp-json\/wp\/v2\/product_tag?post=1600"}],"curies":[{"name":"wp","href":"https:\/\/api.w.org\/{rel}","templated":true}]}}