{"id":12934,"date":"2022-03-23T11:21:51","date_gmt":"2022-03-23T10:21:51","guid":{"rendered":"https:\/\/tienda.ismet.es\/?post_type=product&#038;p=12934"},"modified":"2026-03-11T11:00:33","modified_gmt":"2026-03-11T10:00:33","slug":"dietoterapia-energetica-para-acupuntores-trastornos-del-shen","status":"publish","type":"product","link":"https:\/\/tienda.ismet.es\/index.php\/producto\/dietoterapia-energetica-para-acupuntores-trastornos-del-shen\/","title":{"rendered":"&#8211; Dietoterapia energ\u00e9tica para acupuntores, trastornos del shen"},"content":{"rendered":"[vc_row][vc_column][vc_video link=&#8221;https:\/\/youtu.be\/hsS3sxMFY6E&#8221;][vc_column_text]\n<hr \/>\n<div class=\"woocommerce-product-details__short-description\">\n<p class=\"curso\">La Medicina Tradicional China con la palabra Shen nos describe en su concepci\u00f3n m\u00e1s amplia todos aquellos aspectos del ser humano relacionados con la mente, la conciencia, el alma y el esp\u00edritu. As\u00ed pues, para la MTC cualquier alteraci\u00f3n mental o emocional se asociar\u00eda a una perturbaci\u00f3n del Shen. Hoy m\u00e1s que nunca en nuestra sociedad han aumentado considerablemente los trastornos o enfermedades mentales que son clasificados como depresi\u00f3n o ansiedad mayoritariamente y tratados con f\u00e1rmacos que en ning\u00fan caso tratan la verdadera causa del problema, lo cual favorece sin duda las reca\u00eddas, adem\u00e1s de la dependencia y adaptaci\u00f3n que causan estos f\u00e1rmacos.<\/p>\n<p class=\"curso\">La MTC nos muestra una visi\u00f3n hol\u00edstica del ser humano en la que mente y cuerpo son una sola entidad inseparable y a cada \u00f3rgano se le asocian unos aspectos psicoemocionales que est\u00e1n \u00edntimamente vinculados, de modo que si alg\u00fan \u00f3rgano est\u00e1 en desequilibrio su \u201cAlma\u201d tambi\u00e9n lo estar\u00e1 manifest\u00e1ndose en s\u00edntomas como la tristeza, insomnio, inseguridad, miedo, obsesi\u00f3n, ira, frustraci\u00f3n, fobias, des\u00e1nimo, indecisi\u00f3n, depresi\u00f3n, etc. Una de las causas principales por la que se desequilibran los \u00f3rganos internos y consecuentemente las emociones asociadas es una alimentaci\u00f3n inadecuada y la MTC nos ofrece mediante la dietoterapia energ\u00e9tica una herramienta terap\u00e9utica que se ajusta a cada individuo en funci\u00f3n de sus par\u00e1metros energ\u00e9ticos individuales.<\/p>\n<\/div>\n<hr \/>\n<h4>Objetivos del curso<\/h4>\n<p>Ofrecer las bases de la Diet\u00e9tica energ\u00e9tica (Yin \u2013 Yang, Naturaleza, Sabor, Color, textura, m\u00e9todos de cocci\u00f3n)<br \/>\n\u2013 Proporcionar conocimientos espec\u00edficos sobre dietoterapia energ\u00e9tica, para el abordaje de los trastornos del Shen.<br \/>\n\u2013 Aportar una doble informaci\u00f3n detallada sobre los alimentos desde dos perspectivas, la energ\u00e9tica basada en la MTC y la cient\u00edfica seg\u00fan par\u00e1metros nutricionales con criterio naturista.<br \/>\n\u2013 Abordar los distintos S\u00edndromes asociados a los trastornos del Shen mediante la dietoterapia energ\u00e9tica.<br \/>\n\u2013 Complementaci\u00f3n de los S\u00edndromes con Fitoterapia China.<\/p>\n<hr \/>\n<p><!--\n\n\n<h4>Impartido por: Vicen\u00e7 Fuster Font<\/h4>\n\n\nTiene una gran experiencia tanto docente como cl\u00ednica en la ense\u00f1anza y aplicaci\u00f3n de la Dietoterapia Comparada y con la ayuda de sus alumnos, a lo largo de los a\u00f1os acad\u00e9micos como profesor en Ismet, han realizado numerosas investigaciones en este campo validando los conceptos te\u00f3ricos y energ\u00e9ticos de la Medicina Tradicional China mediante el modelo cient\u00edfico occidental.-->[\/vc_column_text][\/vc_column][\/vc_row]\n","protected":false},"excerpt":{"rendered":"<p>Modalidad online.<span style=\"color: #7f7dd1;\" data-darkreader-inline-color=\"\"><strong><br \/>\n\u2022 Del 2 al 31 de marzo 2026.<br \/>\n\u2022 Del 1 al 30 de abril 2026.<br \/>\n\u2022 Del 4 al 31 de mayo 2026.<br \/>\n\u2022 Del 1 al 30 de junio 2026.<br \/>\n\u2022 Del 1 al 30 de julio 2026.<\/strong><\/span><\/p>\n<p>&nbsp;<\/p>\n<hr \/>\n<p>Precio total: 75\u20ac.<br \/>\nPrecio especial: Club Fitoki y socios de la SAC: 65\u20ac. Plazas Limitadas.<\/p>\n<p>La Medicina Tradicional China con la palabra Shen nos describe en su concepci\u00f3n m\u00e1s amplia todos aquellos aspectos del ser humano relacionados con la mente, la conciencia, el alma y el esp\u00edritu&#8230; (<a href=\"#tab-description\">Ver m\u00e1s informaci\u00f3n<\/a>)<\/p>\n","protected":false},"featured_media":23963,"comment_status":"open","ping_status":"closed","template":"","meta":{"_joinchat":[]},"product_brand":[],"product_cat":[216,617,90,98,180,201,205,202,203,204],"product_tag":[646,334,782,783,866],"class_list":{"0":"post-12934","1":"product","2":"type-product","3":"status-publish","4":"has-post-thumbnail","6":"product_cat-fitoki","7":"product_cat-imagenes-profesores","8":"product_cat-medicina-china-y-acupuntura","9":"product_cat-cursos","10":"product_cat-online","11":"product_cat-online-marzo","12":"product_cat-online-abril","13":"product_cat-online-mayo","14":"product_cat-online-junio","15":"product_cat-online-julio","16":"product_tag-dietoterapia-energetica","17":"product_tag-mtc","18":"product_tag-shen","19":"product_tag-trastornos-del-shen","20":"product_tag-vicenc-fuster-font","21":"pa_ediciones-edicion-diciembre","22":"pa_ediciones-edicion-enero","23":"pa_ediciones-edicion-febrero","24":"pa_ediciones-edicion-marzo","25":"pa_ediciones-edicion-abril","26":"pa_ediciones-edicion-mayo","27":"pa_ediciones-edicion-junio","28":"pa_ediciones-edicion-julio","29":"pa_ediciones-edicion-agosto","30":"pa_ediciones-edicion-septiembre","31":"pa_ediciones-edicion-octubre","32":"pa_ediciones-edicion-noviembre","34":"first","35":"instock","36":"purchasable","37":"product-type-variable"},"_links":{"self":[{"href":"https:\/\/tienda.ismet.es\/index.php\/wp-json\/wp\/v2\/product\/12934","targetHints":{"allow":["GET"]}}],"collection":[{"href":"https:\/\/tienda.ismet.es\/index.php\/wp-json\/wp\/v2\/product"}],"about":[{"href":"https:\/\/tienda.ismet.es\/index.php\/wp-json\/wp\/v2\/types\/product"}],"replies":[{"embeddable":true,"href":"https:\/\/tienda.ismet.es\/index.php\/wp-json\/wp\/v2\/comments?post=12934"}],"wp:featuredmedia":[{"embeddable":true,"href":"https:\/\/tienda.ismet.es\/index.php\/wp-json\/wp\/v2\/media\/23963"}],"wp:attachment":[{"href":"https:\/\/tienda.ismet.es\/index.php\/wp-json\/wp\/v2\/media?parent=12934"}],"wp:term":[{"taxonomy":"product_brand","embeddable":true,"href":"https:\/\/tienda.ismet.es\/index.php\/wp-json\/wp\/v2\/product_brand?post=12934"},{"taxonomy":"product_cat","embeddable":true,"href":"https:\/\/tienda.ismet.es\/index.php\/wp-json\/wp\/v2\/product_cat?post=12934"},{"taxonomy":"product_tag","embeddable":true,"href":"https:\/\/tienda.ismet.es\/index.php\/wp-json\/wp\/v2\/product_tag?post=12934"}],"curies":[{"name":"wp","href":"https:\/\/api.w.org\/{rel}","templated":true}]}}